{"id":375,"date":"2022-06-24T14:47:00","date_gmt":"2022-06-24T14:47:00","guid":{"rendered":"https:\/\/bridge440.qodeinteractive.com\/?page_id=375"},"modified":"2023-12-07T15:41:22","modified_gmt":"2023-12-07T15:41:22","slug":"social","status":"publish","type":"page","link":"https:\/\/retromarques.pt\/home\/social\/","title":{"rendered":"Social"},"content":{"rendered":"\t\t<div data-elementor-type=\"wp-page\" data-elementor-id=\"375\" class=\"elementor elementor-375\" data-elementor-post-type=\"page\">\n\t\t\t\t\t\t<section class=\"elementor-section elementor-top-section elementor-element elementor-element-3005c2c elementor-section-full_width qode_elementor_container_inner elementor-section-height-default elementor-section-height-default parallax_section_no\" data-id=\"3005c2c\" data-element_type=\"section\">\n\t\t\t\t\t\t<div class=\"elementor-container elementor-column-gap-default\">\n\t\t\t\t\t<div class=\"elementor-column elementor-col-100 elementor-top-column elementor-element elementor-element-1f524bc\" data-id=\"1f524bc\" data-element_type=\"column\">\n\t\t\t<div class=\"elementor-widget-wrap elementor-element-populated\">\n\t\t\t\t\t\t<div class=\"elementor-element elementor-element-e758223 elementor-widget elementor-widget-bridge_latest_posts_two\" data-id=\"e758223\" data-element_type=\"widget\" data-widget_type=\"bridge_latest_posts_two.default\">\n\t\t\t\t<div class=\"elementor-widget-container\">\n\t\t\t\t\t<div class='latest_post_two_holder two_columns'><ul><li class=\"clearfix\"><div class=\"latest_post_two_image\"><a itemprop=\"url\" href=\"https:\/\/retromarques.pt\/home\/apoiogds\/\"><img fetchpriority=\"high\" decoding=\"async\" width=\"700\" height=\"438\" src=\"https:\/\/retromarques.pt\/home\/wp-content\/uploads\/2016\/02\/noticia-gds-700x438.jpg\" class=\"attachment-portfolio_masonry_with_space size-portfolio_masonry_with_space wp-post-image\" alt=\"\" srcset=\"https:\/\/retromarques.pt\/home\/wp-content\/uploads\/2016\/02\/noticia-gds-700x438.jpg 700w, https:\/\/retromarques.pt\/home\/wp-content\/uploads\/2016\/02\/noticia-gds-300x188.jpg 300w, https:\/\/retromarques.pt\/home\/wp-content\/uploads\/2016\/02\/noticia-gds-768x480.jpg 768w, https:\/\/retromarques.pt\/home\/wp-content\/uploads\/2016\/02\/noticia-gds.jpg 955w\" sizes=\"(max-width: 700px) 100vw, 700px\" \/><\/a><\/div><div class=\"latest_post_two_inner\" ><div class=\"latest_post_two_text\"><h3 itemprop=\"name\" class=\"latest_post_two_title entry_title\"><a itemprop=\"url\" href=\"https:\/\/retromarques.pt\/home\/apoiogds\/\" >Apoio ao Grupo Desportivo de Sesimbra<\/a><\/h3><div class=\"separator small left \" ><\/div><p itemprop=\"description\" class=\"latest_post_two_excerpt\" >A Dire\u00e7\u00e3o do Grupo Desportivo de Sesimbra recebeu nas suas instala\u00e7\u00f5es Paulo Marques e Ana Helena Marques \u2013 Gerentes da Empresa Retromarques, para agradecer de forma muito reconhecida todo o apoio e toda a colabora\u00e7\u00e3o que t\u00eam prestado \u00e0s v\u00e1rias modal<\/p><\/div><div class=\"latest_post_two_info\" ><div class=\"latest_post_two_info_inner\" ><div class=\"post_info_author\"><img alt='Author Image' src='https:\/\/secure.gravatar.com\/avatar\/92e9a7dab6fc040535eb84ceee4128e453d3c80650827a1989328ec5309d2f8d?s=30&#038;d=mm&#038;r=g' srcset='https:\/\/secure.gravatar.com\/avatar\/92e9a7dab6fc040535eb84ceee4128e453d3c80650827a1989328ec5309d2f8d?s=60&#038;d=mm&#038;r=g 2x' class='avatar avatar-30 photo' height='30' width='30' \/><span class=\"post_info_author_name\">admin<\/span><\/div><div itemprop=\"dateCreated\" class=\"post_info_date entry_date updated\">05 Dezembro, 2023<meta itemprop=\"interactionCount\" content=\"UserComments: <?php echo get_comments_number(qode_get_page_id()); ?>\"\/><\/div><\/div><\/div><\/div><\/li><li class=\"clearfix\"><div class=\"latest_post_two_image\"><a itemprop=\"url\" href=\"https:\/\/retromarques.pt\/home\/ashass\/\"><img decoding=\"async\" width=\"700\" height=\"438\" src=\"https:\/\/retromarques.pt\/home\/wp-content\/uploads\/2016\/02\/ASHASS-700x438.jpg\" class=\"attachment-portfolio_masonry_with_space size-portfolio_masonry_with_space wp-post-image\" alt=\"\" srcset=\"https:\/\/retromarques.pt\/home\/wp-content\/uploads\/2016\/02\/ASHASS-700x438.jpg 700w, https:\/\/retromarques.pt\/home\/wp-content\/uploads\/2016\/02\/ASHASS-300x188.jpg 300w, https:\/\/retromarques.pt\/home\/wp-content\/uploads\/2016\/02\/ASHASS-768x480.jpg 768w, https:\/\/retromarques.pt\/home\/wp-content\/uploads\/2016\/02\/ASHASS.jpg 955w\" sizes=\"(max-width: 700px) 100vw, 700px\" \/><\/a><\/div><div class=\"latest_post_two_inner\" ><div class=\"latest_post_two_text\"><h3 itemprop=\"name\" class=\"latest_post_two_title entry_title\"><a itemprop=\"url\" href=\"https:\/\/retromarques.pt\/home\/ashass\/\" >Colabora\u00e7\u00e3o e donativo a ASHASS<\/a><\/h3><div class=\"separator small left \" ><\/div><p itemprop=\"description\" class=\"latest_post_two_excerpt\" >Hoje dia 31 de Outubro a ASHASS - Associa\u00e7\u00e3o de Solidariedade Humanit\u00e1ria e de Ajuda Social de Sesimbra, recebeu uma Colabora\u00e7\u00e3o muito importante, assim como um Donativo para a ajuda na repara\u00e7\u00e3o da Nossa Carrinha.<\/p><\/div><div class=\"latest_post_two_info\" ><div class=\"latest_post_two_info_inner\" ><div class=\"post_info_author\"><img alt='Author Image' src='https:\/\/secure.gravatar.com\/avatar\/92e9a7dab6fc040535eb84ceee4128e453d3c80650827a1989328ec5309d2f8d?s=30&#038;d=mm&#038;r=g' srcset='https:\/\/secure.gravatar.com\/avatar\/92e9a7dab6fc040535eb84ceee4128e453d3c80650827a1989328ec5309d2f8d?s=60&#038;d=mm&#038;r=g 2x' class='avatar avatar-30 photo' height='30' width='30' \/><span class=\"post_info_author_name\">admin<\/span><\/div><div itemprop=\"dateCreated\" class=\"post_info_date entry_date updated\">02 Outubro, 2023<meta itemprop=\"interactionCount\" content=\"UserComments: <?php echo get_comments_number(qode_get_page_id()); ?>\"\/><\/div><\/div><\/div><\/div><\/li><li class=\"clearfix\"><div class=\"latest_post_two_image\"><a itemprop=\"url\" href=\"https:\/\/retromarques.pt\/home\/apoiogda\/\"><img decoding=\"async\" width=\"700\" height=\"438\" src=\"https:\/\/retromarques.pt\/home\/wp-content\/uploads\/2016\/02\/noticia-alf-700x438.jpg\" class=\"attachment-portfolio_masonry_with_space size-portfolio_masonry_with_space wp-post-image\" alt=\"\" srcset=\"https:\/\/retromarques.pt\/home\/wp-content\/uploads\/2016\/02\/noticia-alf-700x438.jpg 700w, https:\/\/retromarques.pt\/home\/wp-content\/uploads\/2016\/02\/noticia-alf-300x188.jpg 300w, https:\/\/retromarques.pt\/home\/wp-content\/uploads\/2016\/02\/noticia-alf-768x480.jpg 768w, https:\/\/retromarques.pt\/home\/wp-content\/uploads\/2016\/02\/noticia-alf.jpg 955w\" sizes=\"(max-width: 700px) 100vw, 700px\" \/><\/a><\/div><div class=\"latest_post_two_inner\" ><div class=\"latest_post_two_text\"><h3 itemprop=\"name\" class=\"latest_post_two_title entry_title\"><a itemprop=\"url\" href=\"https:\/\/retromarques.pt\/home\/apoiogda\/\" >Apoio ao Grupo Desportivo de Alfarim<\/a><\/h3><div class=\"separator small left \" ><\/div><p itemprop=\"description\" class=\"latest_post_two_excerpt\" >O Grupo Desportivo de Alfarim vem por este meio agradecer ao Gerente da empresa \ud835\udde5\ud835\uddf2\ud835\ude01\ud835\uddff\ud835\uddfc\ud835\uddfa\ud835\uddee\ud835\uddff\ud835\uddfe\ud835\ude02\ud835\uddf2\ud835\ude00, Sr. Paulo Marques por mais um apoio concedido ao nosso clube, nomeadamente na aquisi\u00e7\u00e3o de um equipamento de jogo.<\/p><\/div><div class=\"latest_post_two_info\" ><div class=\"latest_post_two_info_inner\" ><div class=\"post_info_author\"><img alt='Author Image' src='https:\/\/secure.gravatar.com\/avatar\/92e9a7dab6fc040535eb84ceee4128e453d3c80650827a1989328ec5309d2f8d?s=30&#038;d=mm&#038;r=g' srcset='https:\/\/secure.gravatar.com\/avatar\/92e9a7dab6fc040535eb84ceee4128e453d3c80650827a1989328ec5309d2f8d?s=60&#038;d=mm&#038;r=g 2x' class='avatar avatar-30 photo' height='30' width='30' \/><span class=\"post_info_author_name\">admin<\/span><\/div><div itemprop=\"dateCreated\" class=\"post_info_date entry_date updated\">17 Abril, 2023<meta itemprop=\"interactionCount\" content=\"UserComments: <?php echo get_comments_number(qode_get_page_id()); ?>\"\/><\/div><\/div><\/div><\/div><\/li><li class=\"clearfix\"><div class=\"latest_post_two_image\"><a itemprop=\"url\" href=\"https:\/\/retromarques.pt\/home\/bvs\/\"><img loading=\"lazy\" decoding=\"async\" width=\"700\" height=\"438\" src=\"https:\/\/retromarques.pt\/home\/wp-content\/uploads\/2016\/02\/bvs-700x438.jpg\" class=\"attachment-portfolio_masonry_with_space size-portfolio_masonry_with_space wp-post-image\" alt=\"\" srcset=\"https:\/\/retromarques.pt\/home\/wp-content\/uploads\/2016\/02\/bvs-700x438.jpg 700w, https:\/\/retromarques.pt\/home\/wp-content\/uploads\/2016\/02\/bvs-300x188.jpg 300w, https:\/\/retromarques.pt\/home\/wp-content\/uploads\/2016\/02\/bvs-768x480.jpg 768w, https:\/\/retromarques.pt\/home\/wp-content\/uploads\/2016\/02\/bvs.jpg 955w\" sizes=\"(max-width: 700px) 100vw, 700px\" \/><\/a><\/div><div class=\"latest_post_two_inner\" ><div class=\"latest_post_two_text\"><h3 itemprop=\"name\" class=\"latest_post_two_title entry_title\"><a itemprop=\"url\" href=\"https:\/\/retromarques.pt\/home\/bvs\/\" >Oferta de equipamentos aos Bombeiros Volunt\u00e1rios de Sesimbra<\/a><\/h3><div class=\"separator small left \" ><\/div><p itemprop=\"description\" class=\"latest_post_two_excerpt\" >A Real Associa\u00e7\u00e3o Humanit\u00e1ria de Bombeiros Volunt\u00e1rios de Sesimbra agradece \u00e0 empresa\nRETROMARQUES, na pessoa do Sr. Paulo Marques e da Sr.\u00aa Ana Marques, a oferta de equipamentos essenciais \u00e0 presta\u00e7\u00e3o de socorro no \u00e2mbito da Emerg\u00eancia Pr\u00e9-Hospitala<\/p><\/div><div class=\"latest_post_two_info\" ><div class=\"latest_post_two_info_inner\" ><div class=\"post_info_author\"><img alt='Author Image' src='https:\/\/secure.gravatar.com\/avatar\/92e9a7dab6fc040535eb84ceee4128e453d3c80650827a1989328ec5309d2f8d?s=30&#038;d=mm&#038;r=g' srcset='https:\/\/secure.gravatar.com\/avatar\/92e9a7dab6fc040535eb84ceee4128e453d3c80650827a1989328ec5309d2f8d?s=60&#038;d=mm&#038;r=g 2x' class='avatar avatar-30 photo' height='30' width='30' \/><span class=\"post_info_author_name\">admin<\/span><\/div><div itemprop=\"dateCreated\" class=\"post_info_date entry_date updated\">05 Agosto, 2022<meta itemprop=\"interactionCount\" content=\"UserComments: <?php echo get_comments_number(qode_get_page_id()); ?>\"\/><\/div><\/div><\/div><\/div><\/li><\/ul><\/div>\t\t\t\t<\/div>\n\t\t\t\t<\/div>\n\t\t\t\t\t<\/div>\n\t\t<\/div>\n\t\t\t\t\t<\/div>\n\t\t<\/section>\n\t\t\t\t<\/div>\n\t\t","protected":false},"excerpt":{"rendered":"<p>Apoio ao Grupo Desportivo de Sesimbra A Dire\u00e7\u00e3o do Grupo Desportivo de Sesimbra recebeu nas suas instala\u00e7\u00f5es Paulo Marques e Ana Helena Marques \u2013 Gerentes da Empresa Retromarques, para agradecer de forma muito reconhecida todo o apoio e toda a colabora\u00e7\u00e3o que t\u00eam prestado \u00e0s&#8230;<\/p>\n","protected":false},"author":1,"featured_media":0,"parent":0,"menu_order":0,"comment_status":"closed","ping_status":"closed","template":"full_width.php","meta":{"footnotes":""},"class_list":["post-375","page","type-page","status-publish","hentry"],"_links":{"self":[{"href":"https:\/\/retromarques.pt\/home\/wp-json\/wp\/v2\/pages\/375","targetHints":{"allow":["GET"]}}],"collection":[{"href":"https:\/\/retromarques.pt\/home\/wp-json\/wp\/v2\/pages"}],"about":[{"href":"https:\/\/retromarques.pt\/home\/wp-json\/wp\/v2\/types\/page"}],"author":[{"embeddable":true,"href":"https:\/\/retromarques.pt\/home\/wp-json\/wp\/v2\/users\/1"}],"replies":[{"embeddable":true,"href":"https:\/\/retromarques.pt\/home\/wp-json\/wp\/v2\/comments?post=375"}],"version-history":[{"count":31,"href":"https:\/\/retromarques.pt\/home\/wp-json\/wp\/v2\/pages\/375\/revisions"}],"predecessor-version":[{"id":1335,"href":"https:\/\/retromarques.pt\/home\/wp-json\/wp\/v2\/pages\/375\/revisions\/1335"}],"wp:attachment":[{"href":"https:\/\/retromarques.pt\/home\/wp-json\/wp\/v2\/media?parent=375"}],"curies":[{"name":"wp","href":"https:\/\/api.w.org\/{rel}","templated":true}]}}